{"id":3136,"date":"2014-09-18T11:28:14","date_gmt":"2014-09-18T06:28:14","guid":{"rendered":"http:\/\/www.imm.az\/exp\/?page_id=3136"},"modified":"2016-09-30T11:28:08","modified_gmt":"2016-09-30T07:28:08","slug":"differensial-t%c9%99nlikl%c9%99r-sob%c9%99si-xarici-ezamiyy%c9%99tl%c9%99r","status":"publish","type":"page","link":"https:\/\/www.imm.az\/exp\/xarici-ezamiyy%c9%99tl%c9%99r\/differensial-t%c9%99nlikl%c9%99r-sob%c9%99si-xarici-ezamiyy%c9%99tl%c9%99r\/","title":{"rendered":"Differensial t\u0259nlikl\u0259r \u015f\u00f6b\u0259si &#8211; xarici ezamiyy\u0259tl\u0259r"},"content":{"rendered":"<ol>\n<li style=\"text-align: justify;\"><a href=\"\/exp\/?p=8945\" target=\"_blank\">\u201cDiferensial t\u0259nlikl\u0259r\u201d \u015f\u00f6b\u0259sinin m\u00fcdiri, prof. \u018fkb\u0259r \u018fliyev, Akademik N.Musxele\u015fvilinin 125 illik yubileyin\u0259 h\u0259sr edilmi\u015f konfransda i\u015ftirak edib<\/a><\/li>\n<li style=\"text-align: justify;\"><a href=\"\/exp\/?p=8936\" target=\"_blank\">\u201cDiferensial t\u0259nlikl\u0259r\u201d \u015f\u00f6b\u0259sinin m\u00fcdiri, prof. \u018fkb\u0259r \u018fliyev \u0130zmir \u015f\u0259h\u0259rind\u0259, 26 \u2013 28 avqust 2016-c\u0131 il tarixind\u0259 \u0130zmir Y\u00fcks\u0259k Texnologiyalar Universitetinin t\u0259\u015fkil etdiyi Workshopda \u00e7\u0131x\u0131\u015f edib<\/a><\/li>\n<li style=\"text-align: justify;\"><a title=\"Diferensial t\u0259nlikl\u0259r \u015f\u00f6b\u0259sinin m\u00fcdiri, professor \u018fkb\u0259r \u018fliyev Moskva D\u00f6vl\u0259t Universitetind\u0259 elmi ezamiyy\u0259td\u0259 olmu\u015fdur\" href=\"\/exp\/?p=4624\">Diferensial t\u0259nlikl\u0259r \u015f\u00f6b\u0259sinin m\u00fcdiri, professor \u00a0\u018fkb\u0259r \u018fliyev Moskva D\u00f6vl\u0259t Universitetind\u0259 elmi ezamiyy\u0259td\u0259 olmu\u015fdur<\/a><\/li>\n<li style=\"text-align: justify;\"><a title=\"\u201cQafqaz \u00f6lk\u0259l\u0259rinin riyaziyyat c\u0259miyy\u0259tl\u0259rinin konfrans\u0131\u201d adl\u0131 beyn\u0259lxalq konfrasda Az\u0259rbaycan\u0131 AMEA Riyaziyyat v\u0259 Mexanika \u0130nstitutunun aliml\u0259ri t\u0259msil edibl\u0259r\" href=\"\/exp\/?p=3055\">\u201cQafqaz \u00f6lk\u0259l\u0259rinin riyaziyyat c\u0259miyy\u0259tl\u0259rinin konfrans\u0131\u201d adl\u0131 beyn\u0259lxalq konfrasda Az\u0259rbaycan\u0131 AMEA Riyaziyyat v\u0259 Mexanika \u0130nstitutunun aliml\u0259ri t\u0259msil edibl\u0259r<\/a><\/li>\n<\/ol>\n","protected":false},"excerpt":{"rendered":"<p>\u201cDiferensial t\u0259nlikl\u0259r\u201d \u015f\u00f6b\u0259sinin m\u00fcdiri, prof. \u018fkb\u0259r \u018fliyev, Akademik N.Musxele\u015fvilinin 125 illik yubileyin\u0259 h\u0259sr edilmi\u015f konfransda i\u015ftirak edib \u201cDiferensial t\u0259nlikl\u0259r\u201d \u015f\u00f6b\u0259sinin m\u00fcdiri, prof. \u018fkb\u0259r \u018fliyev \u0130zmir \u015f\u0259h\u0259rind\u0259, 26 \u2013 28 avqust 2016-c\u0131 il tarixind\u0259 \u0130zmir Y\u00fcks\u0259k Texnologiyalar Universitetinin t\u0259\u015fkil etdiyi Workshopda \u00e7\u0131x\u0131\u015f edib Diferensial t\u0259nlikl\u0259r \u015f\u00f6b\u0259sinin m\u00fcdiri, professor \u00a0\u018fkb\u0259r \u018fliyev Moskva D\u00f6vl\u0259t Universitetind\u0259 elmi ezamiyy\u0259td\u0259 olmu\u015fdur [&hellip;]<\/p>\n","protected":false},"author":6,"featured_media":0,"parent":2895,"menu_order":0,"comment_status":"open","ping_status":"open","template":"","meta":{"footnotes":""},"_links":{"self":[{"href":"https:\/\/www.imm.az\/exp\/wp-json\/wp\/v2\/pages\/3136"}],"collection":[{"href":"https:\/\/www.imm.az\/exp\/wp-json\/wp\/v2\/pages"}],"about":[{"href":"https:\/\/www.imm.az\/exp\/wp-json\/wp\/v2\/types\/page"}],"author":[{"embeddable":true,"href":"https:\/\/www.imm.az\/exp\/wp-json\/wp\/v2\/users\/6"}],"replies":[{"embeddable":true,"href":"https:\/\/www.imm.az\/exp\/wp-json\/wp\/v2\/comments?post=3136"}],"version-history":[{"count":4,"href":"https:\/\/www.imm.az\/exp\/wp-json\/wp\/v2\/pages\/3136\/revisions"}],"predecessor-version":[{"id":9048,"href":"https:\/\/www.imm.az\/exp\/wp-json\/wp\/v2\/pages\/3136\/revisions\/9048"}],"up":[{"embeddable":true,"href":"https:\/\/www.imm.az\/exp\/wp-json\/wp\/v2\/pages\/2895"}],"wp:attachment":[{"href":"https:\/\/www.imm.az\/exp\/wp-json\/wp\/v2\/media?parent=3136"}],"curies":[{"name":"wp","href":"https:\/\/api.w.org\/{rel}","templated":true}]}}