{"id":3141,"date":"2014-09-18T11:33:06","date_gmt":"2014-09-18T06:33:06","guid":{"rendered":"http:\/\/www.imm.az\/exp\/?page_id=3141"},"modified":"2019-05-13T16:50:40","modified_gmt":"2019-05-13T12:50:40","slug":"qeyri-harmonik-analiz-sob%c9%99si-xarici-ezamiyy%c9%99tl%c9%99r","status":"publish","type":"page","link":"https:\/\/www.imm.az\/exp\/xarici-ezamiyy%c9%99tl%c9%99r\/qeyri-harmonik-analiz-sob%c9%99si-xarici-ezamiyy%c9%99tl%c9%99r\/","title":{"rendered":"Qeyri harmonik analiz \u015f\u00f6b\u0259si &#8211; xarici ezamiyy\u0259tl\u0259r"},"content":{"rendered":"<ol>\n<li><a href=\"\/exp\/?p=24699\">Aliml\u0259rimiz \u201cRiyazi nailiyy\u0259tl\u0259r v\u0259 t\u0259tbiql\u0259r\u201d adl\u0131 II beyn\u0259lxalq elmi konfransda i\u015ftirak edibl\u0259r<\/a><\/li>\n<li><a href=\"\/exp\/?p=20744\">Riyaziyyat v\u0259 Mexanika \u0130nstitutunun aliml\u0259ri beyn\u0259lxalq konfransda plenar m\u0259ruz\u0259l\u0259rl\u0259 \u00e7\u0131x\u0131\u015f edibl\u0259r<\/a><\/li>\n<li style=\"text-align: justify;\"><a href=\"\/exp\/?p=18799\">Aliml\u0259rimiz Rusiya Elml\u0259r Akademiyas\u0131n\u0131n akademiki V.A. \u0130lyinin 90 illik yubileyin\u0259 h\u0259sr olunmu\u015f \u201cS\u0259rh\u0259d m\u0259s\u0259l\u0259l\u0259ri n\u0259z\u0259riyy\u0259sinin m\u00fcasir \u00fcsullar\u0131\u201d adl\u0131 beyn\u0259lxalq konfransda i\u015ftirak edibl\u0259r<\/a><\/li>\n<li><a title=\"G\u0259nc aliml\u0259r Heydelberq Universitetind\u0259 m\u0259ruz\u0259 il\u0259 \u00e7\u0131x\u0131\u015f edibl\u0259r\" href=\"\/exp\/?p=14766\">G\u0259nc aliml\u0259r Heydelberq Universitetind\u0259 m\u0259ruz\u0259 il\u0259 \u00e7\u0131x\u0131\u015f edibl\u0259r<\/a><\/li>\n<li style=\"text-align: justify;\"><a href=\"\/exp\/?p=10363\">\u201cQeyri-harmonik analiz\u201d \u015f\u00f6b\u0259sinin m\u00fcdiri, AMEA-n\u0131n m\u00fcxbir \u00fczv\u00fc Bilal Bilalov \u0130stanbul \u015f\u0259h\u0259rind\u0259 Y\u0131ld\u0131z Texniki Universitetind\u0259 ezamiyy\u0259td\u0259 olub<\/a><\/li>\n<li style=\"text-align: justify;\"><a title=\"\u201cQafqaz \u00f6lk\u0259l\u0259rinin riyaziyyat c\u0259miyy\u0259tl\u0259rinin konfrans\u0131\u201d adl\u0131 beyn\u0259lxalq konfrasda Az\u0259rbaycan\u0131 AMEA Riyaziyyat v\u0259 Mexanika \u0130nstitutunun aliml\u0259ri t\u0259msil edibl\u0259r\" href=\"\/exp\/?p=3055\">\u201cQafqaz \u00f6lk\u0259l\u0259rinin riyaziyyat c\u0259miyy\u0259tl\u0259rinin konfrans\u0131\u201d adl\u0131 beyn\u0259lxalq konfrasda Az\u0259rbaycan\u0131 AMEA Riyaziyyat v\u0259 Mexanika \u0130nstitutunun aliml\u0259ri t\u0259msil edibl\u0259r<\/a><\/li>\n<\/ol>\n","protected":false},"excerpt":{"rendered":"<p>Aliml\u0259rimiz \u201cRiyazi nailiyy\u0259tl\u0259r v\u0259 t\u0259tbiql\u0259r\u201d adl\u0131 II beyn\u0259lxalq elmi konfransda i\u015ftirak edibl\u0259r Riyaziyyat v\u0259 Mexanika \u0130nstitutunun aliml\u0259ri beyn\u0259lxalq konfransda plenar m\u0259ruz\u0259l\u0259rl\u0259 \u00e7\u0131x\u0131\u015f edibl\u0259r Aliml\u0259rimiz Rusiya Elml\u0259r Akademiyas\u0131n\u0131n akademiki V.A. \u0130lyinin 90 illik yubileyin\u0259 h\u0259sr olunmu\u015f \u201cS\u0259rh\u0259d m\u0259s\u0259l\u0259l\u0259ri n\u0259z\u0259riyy\u0259sinin m\u00fcasir \u00fcsullar\u0131\u201d adl\u0131 beyn\u0259lxalq konfransda i\u015ftirak edibl\u0259r G\u0259nc aliml\u0259r Heydelberq Universitetind\u0259 m\u0259ruz\u0259 il\u0259 \u00e7\u0131x\u0131\u015f edibl\u0259r \u201cQeyri-harmonik analiz\u201d [&hellip;]<\/p>\n","protected":false},"author":6,"featured_media":0,"parent":2895,"menu_order":0,"comment_status":"open","ping_status":"open","template":"","meta":{"footnotes":""},"_links":{"self":[{"href":"https:\/\/www.imm.az\/exp\/wp-json\/wp\/v2\/pages\/3141"}],"collection":[{"href":"https:\/\/www.imm.az\/exp\/wp-json\/wp\/v2\/pages"}],"about":[{"href":"https:\/\/www.imm.az\/exp\/wp-json\/wp\/v2\/types\/page"}],"author":[{"embeddable":true,"href":"https:\/\/www.imm.az\/exp\/wp-json\/wp\/v2\/users\/6"}],"replies":[{"embeddable":true,"href":"https:\/\/www.imm.az\/exp\/wp-json\/wp\/v2\/comments?post=3141"}],"version-history":[{"count":5,"href":"https:\/\/www.imm.az\/exp\/wp-json\/wp\/v2\/pages\/3141\/revisions"}],"predecessor-version":[{"id":24748,"href":"https:\/\/www.imm.az\/exp\/wp-json\/wp\/v2\/pages\/3141\/revisions\/24748"}],"up":[{"embeddable":true,"href":"https:\/\/www.imm.az\/exp\/wp-json\/wp\/v2\/pages\/2895"}],"wp:attachment":[{"href":"https:\/\/www.imm.az\/exp\/wp-json\/wp\/v2\/media?parent=3141"}],"curies":[{"name":"wp","href":"https:\/\/api.w.org\/{rel}","templated":true}]}}